{"id":679,"date":"2018-07-24T07:20:34","date_gmt":"2018-07-24T07:20:34","guid":{"rendered":"https:\/\/www.digitalbimitalia.it\/?page_id=679"},"modified":"2019-06-11T08:28:42","modified_gmt":"2019-06-11T08:28:42","slug":"bimdigital-award-2018","status":"publish","type":"page","link":"https:\/\/www.digitalbimitalia.it\/it\/bimdigital-award-2018\/","title":{"rendered":"BIM&amp;DIGITAL AWARD 2018"},"content":{"rendered":"[vc_row equal_height=&#8221;yes&#8221; el_class=&#8221;my-1&#8243;][vc_column][vc_row_inner equal_height=&#8221;yes&#8221; content_placement=&#8221;top&#8221;][vc_column_inner el_class=&#8221;py-lg-2 px-lg-5&#8243; width=&#8221;2\/3&#8243;][vc_column_text]\n<h3>BIM&amp;Digital Award 2018<\/h3>\n<p class=\"subtitle\"><strong><span style=\"font-size: 22px;line-height: 22px\">SAIE e Digital&amp;BIM Italia presentano\u00a0Bim&amp;Digital Awards 2018<\/span><\/strong><\/p>\n[\/vc_column_text][vc_column_text]Dopo il successo di\u00a0 <strong>BIM&amp;DIGITAL Awards 2017,\u00a0 <\/strong>SAIE e DIGITAL&amp;BIM Italia lanciano la seconda edizione<strong>\u00a0 <\/strong>del concorso, che rientra nell\u2019ambito di SAIE in programma a Bologna, dal <u>17 al 20 ottobre 2018<\/u>, organizzato da SENAF.<\/p>\n<p>L\u2019obiettivo del concorso \u00e8 far conoscere, da un lato, i <strong>progetti e le opere che sfruttano le innovazioni digitali ed in particolare BIM<\/strong> al fine di migliorare le performance e rendere pi\u00f9 efficace il processo di progettazione, realizzazione e manutenzione; dall\u2019altro per premiare aziende, start-up, imprese che hanno promosso <strong>nuovi strumenti digitali<\/strong> che rendano pi\u00f9 efficace il processo di rilievo, restituzione e visione, di\u00a0 progettazione, realizzazione e manutenzione in particolar modo per gli interventi di recupero e restauro e che possano operare in ambiente BIM.<\/p>\n<p>Il concorso si articola in sette categorie (come da bando allegato) ed \u00e8 destinato a: Progettisti, Architetti, Ingegneri, Societ\u00e0 di ingegneria, Aziende di servizio pubblico, Universit\u00e0, Enti di ricerca, Start-up e Aziende che espongono a SAIE.<\/p>\n<p>I progetti saranno esaminati da una giuria di esperti provenienti sia dal mondo accademico\/universitario che dal mondo delle professioni, con il coordinamento del prof. Angelo Ciribini dell\u2019Universit\u00e0 di Brescia.<\/p>\n<p>La Giuria selezioner\u00e0, in prima istanza, una rosa di progetti <u>finalisti;<\/u> in seguito, da questo elenco saranno nominati <u>fino a tre vincitori per categoria<\/u>. I vincitori saranno proclamati nel pomeriggio del 17 ottobre all\u2019interno di Digital&amp;BIM . La Giuria potr\u00e0, inoltre, menzionare ulteriori progetti che si siano distinti per particolari caratteristiche di innovativit\u00e0 e originalit\u00e0.[\/vc_column_text][vc_column_text]<img decoding=\"async\" loading=\"lazy\" class=\"wp-image-2596 alignnone\" src=\"\/public\/uploads\/sites\/11\/BIM-Award-1024x345.jpg\" alt=\"\" width=\"554\" height=\"187\" srcset=\"\/public\/uploads\/sites\/11\/BIM-Award-1024x345.jpg 1024w, \/public\/uploads\/sites\/11\/BIM-Award-300x101.jpg 300w, \/public\/uploads\/sites\/11\/BIM-Award-768x259.jpg 768w\" sizes=\"(max-width: 554px) 100vw, 554px\" \/>[\/vc_column_text][vc_column_text]\n<h4><strong>53 progetti in concorso, 15 i migliori premiati durante la DIGITAL&amp;BIM Italia Conference Lab:<\/strong><\/h4>\n[\/vc_column_text][vc_video link=&#8221;https:\/\/www.youtube.com\/watch?v=MtGgskrbego&#8221; el_width=&#8221;70&#8243;][vc_column_text]Categoria 1. <strong><span style=\"color: #00ccff\">Edifici Commerciali, terziario e di grande dimensione<\/span><\/strong><br \/>\nProgetto CMR (Milano) &#8211; <i>&#8220;Nuova sede gruppo Unipol Milano&#8221;<\/i><\/p>\n<p>Categoria 2. <strong><span style=\"color: #00ccff\">Edifici Pubblici<br \/>\n<\/span><\/strong>GP Project SRL (Milano) &#8211; <em>&#8220;Le nuove scuole secondarie di primo grado&#8221;<\/em><br \/>\nATI Project (Pisa) &#8211; <em>&#8220;Nyt OUH, Nuovo Ospedale Universitario Odense, Danimarca&#8221;<\/em><\/p>\n<p>Categoria 3. <strong><span style=\"color: #00ccff\">Infrastrutture<br \/>\n<\/span><\/strong>Bonifica SPA (Roma) &#8211; <em>&#8220;Adeguamento 4 corsie &#8220;via Cassia&#8221; tra il km 41+300 e il km 74+400&#8243;<\/em><br \/>\nINEA srl (Latina) &#8211; <em>&#8220;Metro Milano Linea M1 &#8211; Stazione Sesto FS-Restellone&#8221;<\/em><br \/>\nSPEA Engineerig SPA (Milano) &#8211; <em>&#8220;Progetto di un&#8217;area imbarchi aeroportuale&#8221;<\/em><\/p>\n<p>Categoria 4. <strong><span style=\"color: #00ccff\">Piccoli progetti<\/span><\/strong><em><br \/>\nStudio Associato Arsarc (Roma) &#8211; <i>&#8220;Il\u00a0Bim nel progetto di consolidamento di un immobile vincolato nel centro storico di Roma&#8221;<\/i><br \/>\n<\/em><\/p>\n<p>Categoria 5. <strong><span style=\"color: #00ccff\">Interventi di restauro e valorizzazione del patrimonio<\/span><\/strong><br \/>\nBIMFACTORY &#8211; <em>&#8220;HBIM il prototipo digitale per progetto di restauro&#8221;<\/em><br \/>\nOPEN PROJECT srl (Bologna) &#8211; <em>&#8220;Computational design nel processo HBI&#8221;<\/em><\/p>\n<p>Categoria 6. <strong><span style=\"color: #00ccff\">Iniziativa BIM dell\u2019anno<\/span><\/strong><i><br \/>\nACCA software spa &#8211; <em>&#8220;PriMus BIM One&#8221;<br \/>\nDIGI CORP srl (Pordenone) &#8211; &#8220;Software per gestire informazioni di un modello BIM&#8221;<br \/>\nOPERAMED srl (Limena PD) &#8211; &#8220;Implementazione della metodologia BIM nell&#8217;edilizia sanitaria&#8221;<br \/>\n<\/em><\/i><\/p>\n<p>Categoria 7. <strong><span style=\"color: #00ccff\">Tecnologie digitali per il processo costruttivo<\/span><\/strong><br \/>\nBIMobject srl (Milano) &#8211; <em>&#8220;Progetto 52 &#8211; BIMScript&#8221;<br \/>\nItalferr spa (Milano) &#8211; <i>&#8220;Progetto 27 &#8211; Sviluppo di un plug-in&#8221;<\/i><br \/>\n<\/em><\/p>\n<p>Menzione speciale<br \/>\nBFORMS srl\/GAE ENGINEERING srl (Torino) &#8211; <em>&#8220;BIM e Site Management per la valorizzazione urbana&#8221;<\/em>[\/vc_column_text][vc_video link=&#8221;https:\/\/youtu.be\/-pIEmMLyxUo&#8221; el_width=&#8221;70&#8243;][vc_column_text]\n<p style=\"text-align: left\"><a class=\"btn btn-lg btn-primary my-2\" href=\"\/public\/uploads\/sites\/11\/Motivazioni-selezionati-BIM-AWARD.pdf\" target=\"_blank\" rel=\"noopener noreferrer\">Scopri le motivazioni dei progetti vincitori<\/a><\/p>\n[\/vc_column_text][vc_column_text]Patrocini<\/p>\n<p><img decoding=\"async\" loading=\"lazy\" class=\"alignnone wp-image-728\" src=\"\/public\/uploads\/sites\/11\/logo_archibo.png\" alt=\"\" width=\"235\" height=\"176\" srcset=\"\/public\/uploads\/sites\/11\/logo_archibo.png 400w, \/public\/uploads\/sites\/11\/logo_archibo-300x225.png 300w\" sizes=\"(max-width: 235px) 100vw, 235px\" \/><img decoding=\"async\" loading=\"lazy\" class=\"alignnone wp-image-725\" src=\"\/public\/uploads\/sites\/11\/ASSOBIM_logo-400x300.png\" alt=\"\" width=\"176\" height=\"131\" srcset=\"\/public\/uploads\/sites\/11\/ASSOBIM_logo-400x300.png 400w, \/public\/uploads\/sites\/11\/ASSOBIM_logo-400x300-300x225.png 300w\" sizes=\"(max-width: 176px) 100vw, 176px\" \/><img decoding=\"async\" loading=\"lazy\" class=\"alignnone wp-image-723\" src=\"\/public\/uploads\/sites\/11\/BIMFoundation_logo400x300.png\" alt=\"\" width=\"113\" height=\"109\" srcset=\"\/public\/uploads\/sites\/11\/BIMFoundation_logo400x300.png 400w, \/public\/uploads\/sites\/11\/BIMFoundation_logo400x300-300x288.png 300w\" sizes=\"(max-width: 113px) 100vw, 113px\" \/>[\/vc_column_text][vc_column_text]Media Partner<\/p>\n<p><img decoding=\"async\" loading=\"lazy\" class=\"wp-image-727 alignleft\" src=\"\/public\/uploads\/sites\/11\/ak_logo_400x300.png\" alt=\"\" width=\"181\" height=\"136\" srcset=\"\/public\/uploads\/sites\/11\/ak_logo_400x300.png 400w, \/public\/uploads\/sites\/11\/ak_logo_400x300-300x225.png 300w\" sizes=\"(max-width: 181px) 100vw, 181px\" \/><img decoding=\"async\" loading=\"lazy\" class=\"wp-image-1638 alignleft\" src=\"\/public\/uploads\/sites\/11\/logo-imprese-edili-1024x704.jpg\" alt=\"\" width=\"180\" height=\"124\" srcset=\"\/public\/uploads\/sites\/11\/logo-imprese-edili-1024x704.jpg 1024w, \/public\/uploads\/sites\/11\/logo-imprese-edili-300x206.jpg 300w, \/public\/uploads\/sites\/11\/logo-imprese-edili-768x528.jpg 768w, \/public\/uploads\/sites\/11\/logo-imprese-edili.jpg 1772w\" sizes=\"(max-width: 180px) 100vw, 180px\" \/><img decoding=\"async\" loading=\"lazy\" class=\"wp-image-726 alignleft\" src=\"\/public\/uploads\/sites\/11\/Logo_BIMPortale_trasp_400.png\" alt=\"\" width=\"152\" height=\"114\" srcset=\"\/public\/uploads\/sites\/11\/Logo_BIMPortale_trasp_400.png 400w, \/public\/uploads\/sites\/11\/Logo_BIMPortale_trasp_400-300x225.png 300w\" sizes=\"(max-width: 152px) 100vw, 152px\" \/>[\/vc_column_text][vc_separator color=&#8221;white&#8221;][vc_column_text]Sponsor Tecnico<\/p>\n<p><img decoding=\"async\" loading=\"lazy\" class=\"wp-image-2406 alignnone\" src=\"\/public\/uploads\/sites\/11\/LOGO-3DP-WORLD-1024x339.png\" alt=\"\" width=\"148\" height=\"49\" srcset=\"\/public\/uploads\/sites\/11\/LOGO-3DP-WORLD-1024x339.png 1024w, \/public\/uploads\/sites\/11\/LOGO-3DP-WORLD-300x99.png 300w, \/public\/uploads\/sites\/11\/LOGO-3DP-WORLD-768x255.png 768w\" sizes=\"(max-width: 148px) 100vw, 148px\" \/>[\/vc_column_text][vc_separator color=&#8221;white&#8221;][\/vc_column_inner][vc_column_inner el_class=&#8221;p-1 p-sm-3 p-lg-4 bg-darker&#8221; width=&#8221;1\/3&#8243;][vc_wp_custommenu nav_menu=&#8221;3&#8243;][\/vc_column_inner][\/vc_row_inner][vc_empty_space height=&#8221;72px&#8221;][\/vc_column][\/vc_row][vc_row equal_height=&#8221;yes&#8221; el_class=&#8221;my-1&#8243;][vc_column el_class=&#8221;my-1 bg-gray py-2&#8243;][vc_row_inner el_class=&#8221;my-1&#8243;][vc_column_inner el_class=&#8221;py-lg-2 px-lg-5 bg-white&#8221;][vc_column_text css_animation=&#8221;fadeInLeft&#8221;]\n<h3>Contenuti<\/h3>\n<p>Si partecipa al concorso attraverso la presentazione di progetti e\/o opere realizzate che facciano riferimento ad una o pi\u00f9 delle categorie:<\/p>\n<p>1. Edifici Commerciali, terziario e di grande dimensione<\/p>\n<p>2. Edifici Pubblici<\/p>\n<p>3. Infrastrutture<\/p>\n<p>4. Piccoli progetti<\/p>\n<p>5. Interventi di restauro e valorizzazione del patrimonio<\/p>\n<p>6. Iniziativa BIM dell\u2019anno.<br \/>\nQuesta categoria \u00e8 aperta a qualsiasi organizzazione che ha promosso nuovi modi di lavorare in ambiente BIM per rendere pi\u00f9 efficace il progetto di progettazione, realizzazione e manutenzione. Le iniziative possono includere lo sviluppo di software, strumenti e processi collaborativi, la gestione dei dati e la gestione e nuovi modi di lavorare, uso di strumenti innovativi.<\/p>\n<p>7. Tecnologie digitali per il processo costruttivo.<br \/>\nQuesta categoria \u00e8 aperta a qualsiasi organizzazione che abbia promosso nuovi strumenti digitali che rendano pi\u00f9 efficace il processo di rilievo, restituzione e visione, progettazione, realizzazione e manutenzione in particolar modo per gli interventi di recupero e restauro e che possano operare in ambiente BIM[\/vc_column_text][\/vc_column_inner][\/vc_row_inner][vc_row_inner el_class=&#8221;my-1&#8243;][vc_column_inner el_class=&#8221;py-lg-2 px-lg-5&#8243;][vc_column_text css_animation=&#8221;fadeInLeft&#8221;]\n<h3><strong>Destinatari<\/strong><\/h3>\n<p>L&#8217;Award \u00e8 aperto a:<br \/>\nArchitetti, Ingegneri, Studi professionali, progettisti,\u00a0Universit\u00e0, Enti di ricerca, studi professionali, aziende produttrici che espongono a SAIE &#8211; DIGITAL&amp;BIM Italia[\/vc_column_text][\/vc_column_inner][\/vc_row_inner][vc_row_inner el_class=&#8221;my-1&#8243;][vc_column_inner el_class=&#8221;py-lg-2 px-lg-5 bg-white&#8221;][vc_column_text css_animation=&#8221;fadeInLeft&#8221;]\n<h3>Scadenze<\/h3>\n<p><em>24\/07\/2018<\/em><br \/>\nApertura delle iscrizioni e contestuale invio degli elaborati e della documentazione<br \/>\namministrativa<\/p>\n<p><em>24\/09\/2018<br \/>\n<\/em>Chiusura delle iscrizioni e contestuale invio degli elaborati e della documentazione<br \/>\namministrativa, entro le ore 12:00 del giorno<em><br \/>\n<\/em><\/p>\n<p><em>17\/10\/2018<br \/>\n<\/em>Premiazione dei selezionati nell\u2019ambito di Digital&amp;BIM Conference Lab<\/p>\n<p><em>18 \u2013 19 \u2013 20\/10\/2018<br \/>\n<\/em>Presentazione dei progetti finalisti nell\u2019ambito di Digital&amp;BIM Italia<em><br \/>\n<\/em>[\/vc_column_text][vc_masonry_media_grid style=&#8221;lazy&#8221; element_width=&#8221;3&#8243; gap=&#8221;35&#8243; initial_loading_animation=&#8221;fadeIn&#8221; grid_id=&#8221;vc_gid:1559203087813-3ba6ba2d-173c-3&#8243; include=&#8221;2841,2842,2843,2844&#8243;][\/vc_column_inner][\/vc_row_inner][vc_separator][vc_column_text]\n<p style=\"text-align: center\"><strong><span style=\"font-size: 32px;line-height: 22px\">Patrocini<\/span><\/strong><\/p>\n[\/vc_column_text][vc_row_inner][vc_column_inner width=&#8221;1\/3&#8243;][vc_single_image image=&#8221;728&#8243; img_size=&#8221;&#8221; alignment=&#8221;right&#8221;][\/vc_column_inner][vc_column_inner width=&#8221;1\/3&#8243;][vc_single_image image=&#8221;725&#8243; img_size=&#8221;&#8221; alignment=&#8221;center&#8221;][\/vc_column_inner][vc_column_inner width=&#8221;1\/3&#8243;][vc_single_image image=&#8221;723&#8243;][\/vc_column_inner][\/vc_row_inner][vc_separator][vc_column_text]\n<p style=\"text-align: center\"><strong><span style=\"font-size: 32px;line-height: 22px\">Media Partner<\/span><\/strong><\/p>\n[\/vc_column_text][vc_row_inner][vc_column_inner width=&#8221;1\/2&#8243;][vc_single_image image=&#8221;727&#8243; img_size=&#8221;&#8221; alignment=&#8221;right&#8221;][\/vc_column_inner][vc_column_inner width=&#8221;1\/2&#8243;][vc_single_image image=&#8221;726&#8243; img_size=&#8221;&#8221;][\/vc_column_inner][\/vc_row_inner][vc_separator][\/vc_column][\/vc_row]\n","protected":false},"excerpt":{"rendered":"<p>[vc_row equal_height=&#8221;yes&#8221; el_class=&#8221;my-1&#8243;][vc_column][vc_row_inner equal_height=&#8221;yes&#8221; content_placement=&#8221;top&#8221;][vc_column_inner el_class=&#8221;py-lg-2 px-lg-5&#8243; width=&#8221;2\/3&#8243;][vc_column_text] BIM&amp;Digital Award 2018 SAIE e Digital&amp;BIM Italia presentano\u00a0Bim&amp;Digital Awards 2018 [\/vc_column_text][vc_column_text]Dopo il successo di\u00a0 BIM&amp;DIGITAL Awards 2017,\u00a0 SAIE e DIGITAL&amp;BIM Italia lanciano la seconda edizione\u00a0 del concorso, che rientra nell\u2019ambito di SAIE in programma a Bologna, dal 17 al 20 ottobre 2018, organizzato da SENAF. L\u2019obiettivo del [&hellip;]<\/p>\n","protected":false},"author":16,"featured_media":3864,"parent":0,"menu_order":0,"comment_status":"closed","ping_status":"closed","template":"","meta":[],"acf":[],"aioseo_notices":[],"_links":{"self":[{"href":"https:\/\/www.digitalbimitalia.it\/it\/wp-json\/wp\/v2\/pages\/679"}],"collection":[{"href":"https:\/\/www.digitalbimitalia.it\/it\/wp-json\/wp\/v2\/pages"}],"about":[{"href":"https:\/\/www.digitalbimitalia.it\/it\/wp-json\/wp\/v2\/types\/page"}],"author":[{"embeddable":true,"href":"https:\/\/www.digitalbimitalia.it\/it\/wp-json\/wp\/v2\/users\/16"}],"replies":[{"embeddable":true,"href":"https:\/\/www.digitalbimitalia.it\/it\/wp-json\/wp\/v2\/comments?post=679"}],"version-history":[{"count":2,"href":"https:\/\/www.digitalbimitalia.it\/it\/wp-json\/wp\/v2\/pages\/679\/revisions"}],"predecessor-version":[{"id":3674,"href":"https:\/\/www.digitalbimitalia.it\/it\/wp-json\/wp\/v2\/pages\/679\/revisions\/3674"}],"wp:featuredmedia":[{"embeddable":true,"href":"https:\/\/www.digitalbimitalia.it\/it\/wp-json\/wp\/v2\/media\/3864"}],"wp:attachment":[{"href":"https:\/\/www.digitalbimitalia.it\/it\/wp-json\/wp\/v2\/media?parent=679"}],"curies":[{"name":"wp","href":"https:\/\/api.w.org\/{rel}","templated":true}]}}